{"version":"1.0","provider_name":"Utazz m\u00e1sk\u00e9pp!","provider_url":"https:\/\/utazzmaskepp.cafeblog.hu","author_name":"Utaz\u00f3","author_url":"https:\/\/utazzmaskepp.cafeblog.hu\/author\/utazo\/","title":"Budapesten berobbant a tavasz","html":"A csod\u00e1k a szomsz\u00e9dban vannak - vallottam mindig is. Egy nagyv\u00e1rosban is megtal\u00e1lhatjuk azokat a parkokat, s\u00e9t\u00e1nyokat, tavacsk\u00e1kat, ahol olyan, mintha vak\u00e1ci\u00f3n lenn\u00e9nk.\r\n\r\nLegeslegkedvencebb fot\u00f3som, Lengyel Kata ugyanezt gondolja, \u00e9s mutatja meg leny\u0171g\u00f6z\u0151 k\u00e9peivel. Ezek nem stockfot\u00f3k \u00e9s semmilyen ut\u00f3munka nincs rajtuk. Ilyen a tavasz Budapesten!\r\n\r\nK\u00e1rolyi kert a belv\u00e1ros sz\u00edv\u00e9ben\r\n\r\n<a href=\"https:\/\/utazzmaskepp.cafeblog.hu\/files\/2016\/05\/karolyikert.jpg\"><img class=\"aligncenter size-large wp-image-3688\" src=\"https:\/\/utazzmaskepp.cafeblog.hu\/files\/2016\/05\/karolyikert-600x338.jpg\" alt=\"karolyikert\" width=\"600\" height=\"338\" \/><\/a>\r\n\r\n<a href=\"https:\/\/utazzmaskepp.cafeblog.hu\/files\/2016\/05\/karolyi4.jpg\"><img class=\"aligncenter size-large wp-image-3687\" src=\"https:\/\/utazzmaskepp.cafeblog.hu\/files\/2016\/05\/karolyi4-600x338.jpg\" alt=\"karolyi4\" width=\"600\" height=\"338\" \/><\/a>\r\n\r\n<a href=\"https:\/\/utazzmaskepp.cafeblog.hu\/files\/2016\/05\/karolyi3.jpg\"><img class=\"aligncenter size-large wp-image-3686\" src=\"https:\/\/utazzmaskepp.cafeblog.hu\/files\/2016\/05\/karolyi3-600x355.jpg\" alt=\"karolyi3\" width=\"600\" height=\"355\" \/><\/a>\r\n\r\n<a href=\"https:\/\/utazzmaskepp.cafeblog.hu\/files\/2016\/05\/karolyikert2.jpg\"><img class=\"aligncenter size-large wp-image-3689\" src=\"https:\/\/utazzmaskepp.cafeblog.hu\/files\/2016\/05\/karolyikert2-600x338.jpg\" alt=\"karolyikert2\" width=\"600\" height=\"338\" \/><\/a>\r\n\r\n<a href=\"https:\/\/utazzmaskepp.cafeblog.hu\/files\/2016\/05\/karolyi.jpg\"><img class=\"aligncenter size-large wp-image-3685\" src=\"https:\/\/utazzmaskepp.cafeblog.hu\/files\/2016\/05\/karolyi-600x348.jpg\" alt=\"karolyi\" width=\"600\" height=\"348\" \/><\/a>\r\n\r\nM\u00fazeumkert\r\n\r\n<a href=\"https:\/\/utazzmaskepp.cafeblog.hu\/files\/2016\/05\/muzeumkert.jpg\"><img class=\"aligncenter size-large wp-image-3690\" src=\"https:\/\/utazzmaskepp.cafeblog.hu\/files\/2016\/05\/muzeumkert-600x356.jpg\" alt=\"muzeumkert\" width=\"600\" height=\"356\" \/><\/a>\r\n\r\nA Bazilika el\u0151tt\r\n\r\n<a href=\"https:\/\/utazzmaskepp.cafeblog.hu\/files\/2016\/05\/bazilika.jpg\"><img class=\"aligncenter size-large wp-image-3677\" src=\"https:\/\/utazzmaskepp.cafeblog.hu\/files\/2016\/05\/bazilika-600x328.jpg\" alt=\"bazilika\" width=\"600\" height=\"328\" \/><\/a>\r\n\r\nDe\u00e1k Ferenc t\u00e9ren\r\n\r\n<a href=\"https:\/\/utazzmaskepp.cafeblog.hu\/files\/2016\/05\/deakter.jpg\"><img class=\"aligncenter size-large wp-image-3678\" src=\"https:\/\/utazzmaskepp.cafeblog.hu\/files\/2016\/05\/deakter-600x338.jpg\" alt=\"deakter\" width=\"600\" height=\"338\" \/><\/a>\r\n\r\nAndr\u00e1ssy \u00fat\r\n\r\n<a href=\"https:\/\/utazzmaskepp.cafeblog.hu\/files\/2016\/05\/13047881_957819777658798_4061476717613701913_o.jpg\"><img class=\"aligncenter size-large wp-image-3673\" src=\"https:\/\/utazzmaskepp.cafeblog.hu\/files\/2016\/05\/13047881_957819777658798_4061476717613701913_o-600x393.jpg\" alt=\"13047881_957819777658798_4061476717613701913_o\" width=\"600\" height=\"393\" \/><\/a>\r\n\r\nGeszteny\u00e9skert Bud\u00e1n\r\n\r\n<a href=\"https:\/\/utazzmaskepp.cafeblog.hu\/files\/2016\/05\/gesztenyeskert2.jpg\"><img class=\"aligncenter size-large wp-image-3684\" src=\"https:\/\/utazzmaskepp.cafeblog.hu\/files\/2016\/05\/gesztenyeskert2-600x349.jpg\" alt=\"gesztenyeskert2\" width=\"600\" height=\"349\" \/><\/a>\r\n\r\n<a href=\"https:\/\/utazzmaskepp.cafeblog.hu\/files\/2016\/05\/gesztenyeskert.jpg\"><img class=\"aligncenter size-large wp-image-3683\" src=\"https:\/\/utazzmaskepp.cafeblog.hu\/files\/2016\/05\/gesztenyeskert-600x338.jpg\" alt=\"gesztenyeskert\" width=\"600\" height=\"338\" \/><\/a>\r\n\r\nApor Vilmos t\u00e9r\r\n\r\n<a href=\"https:\/\/utazzmaskepp.cafeblog.hu\/files\/2016\/05\/aporvilmos.jpg\"><img class=\"aligncenter size-large wp-image-3676\" src=\"https:\/\/utazzmaskepp.cafeblog.hu\/files\/2016\/05\/aporvilmos-600x375.jpg\" alt=\"aporvilmos\" width=\"600\" height=\"375\" \/><\/a>\r\n\r\n<a href=\"https:\/\/utazzmaskepp.cafeblog.hu\/files\/2016\/05\/apor3.jpg\"><img class=\"aligncenter size-large wp-image-3675\" src=\"https:\/\/utazzmaskepp.cafeblog.hu\/files\/2016\/05\/apor3-600x368.jpg\" alt=\"apor3\" width=\"600\" height=\"368\" \/><\/a>\r\n\r\n<a href=\"https:\/\/utazzmaskepp.cafeblog.hu\/files\/2016\/05\/apor2.jpg\"><img class=\"aligncenter size-large wp-image-3674\" src=\"https:\/\/utazzmaskepp.cafeblog.hu\/files\/2016\/05\/apor2-600x338.jpg\" alt=\"apor2\" width=\"600\" height=\"338\" \/><\/a>\r\n\r\nFeneketlen-t\u00f3\r\n\r\n<a href=\"https:\/\/utazzmaskepp.cafeblog.hu\/files\/2016\/05\/feneketlen3.jpg\"><img class=\"aligncenter size-large wp-image-3681\" src=\"https:\/\/utazzmaskepp.cafeblog.hu\/files\/2016\/05\/feneketlen3-600x343.jpg\" alt=\"feneketlen3\" width=\"600\" height=\"343\" \/><\/a>\r\n\r\n<a href=\"https:\/\/utazzmaskepp.cafeblog.hu\/files\/2016\/05\/feneketlen2.jpg\"><img class=\"aligncenter size-large wp-image-3680\" src=\"https:\/\/utazzmaskepp.cafeblog.hu\/files\/2016\/05\/feneketlen2-600x338.jpg\" alt=\"feneketlen2\" width=\"600\" height=\"338\" \/><\/a>\r\n\r\n<a href=\"https:\/\/utazzmaskepp.cafeblog.hu\/files\/2016\/05\/feneketlen.jpg\"><img class=\"aligncenter size-large wp-image-3679\" src=\"https:\/\/utazzmaskepp.cafeblog.hu\/files\/2016\/05\/feneketlen-600x356.jpg\" alt=\"feneketlen\" width=\"600\" height=\"356\" \/><\/a>\r\n\r\n<a href=\"https:\/\/utazzmaskepp.cafeblog.hu\/files\/2016\/05\/feneketlen5.jpg\"><img class=\"aligncenter size-large wp-image-3682\" src=\"https:\/\/utazzmaskepp.cafeblog.hu\/files\/2016\/05\/feneketlen5-600x354.jpg\" alt=\"feneketlen5\" width=\"600\" height=\"354\" \/><\/a>\r\n\r\nA k\u00e9peket Lengyel Kata k\u00e9sz\u00edtette, nem haszn\u00e1lhat\u00f3ak fel neve eml\u00edt\u00e9se n\u00e9lk\u00fcl.","type":"rich","thumbnail_url":"https:\/\/utazzmaskepp.cafeblog.hu\/files\/2016\/05\/karolyikert2-150x150.jpg","thumbnail_width":150,"thumbnail_height":150}