{"version":"1.0","provider_name":"Utazz m\u00e1sk\u00e9pp!","provider_url":"https:\/\/utazzmaskepp.cafeblog.hu","author_name":"Utaz\u00f3","author_url":"https:\/\/utazzmaskepp.cafeblog.hu\/author\/utazo\/","title":"Tulip\u00e1nf\u00f6ld\u00e9n j\u00e1rtunk","html":"A <a href=\"https:\/\/keukenhof.nl\/en\">keukenhofi tulip\u00e1nparkot <\/a>egyszer az \u00e9letben l\u00e1tni kell. Addig is olvass\u00e1tok el Somogyin\u00e9 Eszter fot\u00f3s besz\u00e1mol\u00f3j\u00e1t itt, olyan mintha mi is a parkban s\u00e9t\u00e1ln\u00e1nk.\r\n\r\n<a href=\"https:\/\/utazzmaskepp.cafeblog.hu\/files\/2017\/04\/17973928_10207001523917135_3017474689146807335_o.jpg\"><img class=\"aligncenter size-large wp-image-4564\" src=\"https:\/\/utazzmaskepp.cafeblog.hu\/files\/2017\/04\/17973928_10207001523917135_3017474689146807335_o-600x338.jpg\" alt=\"\" width=\"600\" height=\"338\" \/><\/a>\r\n\r\n<a href=\"https:\/\/utazzmaskepp.cafeblog.hu\/files\/2017\/04\/17966042_10207001529437273_8211926310539646291_o-1.jpg\"><img class=\"aligncenter size-full wp-image-4576\" src=\"https:\/\/utazzmaskepp.cafeblog.hu\/files\/2017\/04\/17966042_10207001529437273_8211926310539646291_o-1.jpg\" alt=\"\" width=\"2048\" height=\"1152\" \/><\/a>\r\n\r\n<span style=\"font-weight: 400\">A park hatalmas, mellette - f\u00fcves ter\u00fcleten, korl\u00e1tokkal elv\u00e1lasztva parkolhattunk (6 eur\u00f3\/nap, a bel\u00e9p\u0151 feln\u0151ttnek 16 eur\u00f3, 11 \u00e9ves korig 8 eur\u00f3, 3 \u00e9ves korig ingyenes). Nagyon sz\u00e9pen szervezett minden, p\u00e1r perc alatt m\u00e1r a bej\u00e1ratn\u00e1l voltunk. (Itt van aj\u00e1nd\u00e9kbolt, WC \u00e9s a kassza is...) A bel\u00e9p\u0151 megv\u00e1s\u00e1rl\u00e1sakor kaptunk egy kis \u00f6sszehajtogathat\u00f3 t\u00e9rk\u00e9pet is, ami alapj\u00e1n pr\u00f3b\u00e1ltunk mi is k\u00f6zlekedni. Az elej\u00e9n m\u00e9g kicsit t\u00e9tov\u00e1n indultunk neki, igaz\u00e1b\u00f3l egyenesen nekiv\u00e1gtunk, \u00fagy k\u00e9pzelj\u00e9tek el, mint az itthoni arbor\u00e9tumokat, nagy szabad t\u00e9ren sok-sok vir\u00e1gy\u00e1gy\u00e1s, \u00e9saz illatuk csod\u00e1latos.<\/span>\r\n\r\n<a href=\"https:\/\/utazzmaskepp.cafeblog.hu\/files\/2017\/04\/17973934_10207001537957486_4800360757352299229_o.jpg\"><img class=\"aligncenter size-large wp-image-4565\" src=\"https:\/\/utazzmaskepp.cafeblog.hu\/files\/2017\/04\/17973934_10207001537957486_4800360757352299229_o-600x338.jpg\" alt=\"\" width=\"600\" height=\"338\" \/><\/a>\r\n\r\n<a href=\"https:\/\/utazzmaskepp.cafeblog.hu\/files\/2017\/04\/18055989_10207001547037713_1898461346435253468_o.jpg\"><img class=\"aligncenter size-full wp-image-4566\" src=\"https:\/\/utazzmaskepp.cafeblog.hu\/files\/2017\/04\/18055989_10207001547037713_1898461346435253468_o.jpg\" alt=\"\" width=\"2048\" height=\"1152\" \/><\/a>\r\n\r\n<a href=\"https:\/\/utazzmaskepp.cafeblog.hu\/files\/2017\/04\/18056055_10207001545117665_8366842548640375658_o.jpg\"><img class=\"aligncenter size-full wp-image-4567\" src=\"https:\/\/utazzmaskepp.cafeblog.hu\/files\/2017\/04\/18056055_10207001545117665_8366842548640375658_o.jpg\" alt=\"\" width=\"2048\" height=\"1152\" \/><\/a>\r\n\r\n<span style=\"font-weight: 400\">Minden vir\u00e1g\u00e1gy\u00e1sn\u00e1l pici t\u00e1bl\u00e1n jelzik a vir\u00e1g (latin) nev\u00e9t. Ezenk\u00edv\u00fcl sok pad, szobrocska \u00e9s rengeteg vadkacsa volt mindenhol... Az idei \u00e9v a kort\u00e1rs holland m\u0171v\u00e9szek bemutat\u00e1s\u00e1r\u00f3l sz\u00f3lt (minden \u00e9vben van valamilyen t\u00e9ma), \u0151szint\u00e9n sz\u00f3lva az alkot\u00e1saik nem ny\u0171g\u00f6ztek le, viszont t\u00e9ny, hogy nem voltak tolakod\u00f3k, nem nyomt\u00e1k el a n\u00f6v\u00e9nyek l\u00e1tv\u00e1ny\u00e1t. A parkot kereszt\u00fcl-kasul szelik a k\u00f6vesutak, de kisebb f\u00f6ldutacsk\u00e1k mindenfel\u00e9 vannak. Sok \"rejtett\" kis sarok, pad tal\u00e1lhat\u00f3 mindenfel\u00e9, le lehet \u00fclni, n\u00e9zel\u0151dni. H\u00e9tk\u00f6znap ment\u00fcnk, de \u00edgy is nagyon sokan voltak - viszont a nagy ter\u00fclet miatt ink\u00e1bb csak a l\u00e1tv\u00e1nyoss\u00e1gokn\u00e1l torl\u00f3dott fel a t\u00f6meg.<\/span>\r\n\r\n<a href=\"https:\/\/utazzmaskepp.cafeblog.hu\/files\/2017\/04\/18110191_10207012458070482_717159456_o.jpg\"><img class=\"aligncenter size-full wp-image-4573\" src=\"https:\/\/utazzmaskepp.cafeblog.hu\/files\/2017\/04\/18110191_10207012458070482_717159456_o.jpg\" alt=\"\" width=\"2048\" height=\"1152\" \/><\/a>\r\n\r\n<a href=\"https:\/\/utazzmaskepp.cafeblog.hu\/files\/2017\/04\/18110292_10207012467550719_744155224_o.jpg\"><img class=\"aligncenter size-full wp-image-4575\" src=\"https:\/\/utazzmaskepp.cafeblog.hu\/files\/2017\/04\/18110292_10207012467550719_744155224_o.jpg\" alt=\"\" width=\"2048\" height=\"1152\" \/><\/a>\r\n\r\n<span style=\"font-weight: 400\">A bej\u00e1rat ut\u00e1n egyenesen, egy patak ment\u00e9n jutottunk el a sz\u00e9lmalomhoz, ami ingyenesen bej\u00e1rhat\u00f3 - igaz\u00e1b\u00f3l ez csak annyi, hogy felmehet\u00fcnk a kil\u00e1t\u00f3 r\u00e9sz\u00e9re... Mellette 5-6 kis fah\u00e1z van, aj\u00e1nd\u00e9kbolt, kaj\u00e1ld\u00e1k, \u00e9s az egyikben lehet jegyet venni a cs\u00f3nak\u00e1z\u00e1sra. 45 percenk\u00e9nt mennek a kishaj\u00f3k, viszonylag borsos \u00e1ron. Mivel mi legkor\u00e1bban is csak 90 perccel k\u00e9s\u0151bbre kaptunk volna jegyet, kihagytuk. A park sz\u00e9l\u00e9n\u00e9l \u00e9s a k\u00f6zep\u00e9n egy kisebb foly\u00f3 fut, gondolom ezen kereszt\u00fcl haladnak. (A haj\u00f3 n\u00e9lk\u00fcl is minden megtekinthet\u0151.) Az \"arbor\u00e9tum\" ter\u00fclet\u00e9n t\u00f6bb nagyobb, fedett \u00e9p\u00fcletet is fel\u00e9p\u00edtettek, amiknek a belsej\u00e9ben szint\u00e9n vir\u00e1gki\u00e1ll\u00edt\u00e1s van. tematikusan, az egyik h\u00e1z a tulip\u00e1nok\u00e9 \u00e9s amarilliszek\u00e9, stb..., a m\u00e1sik a r\u00f3zs\u00e1k\u00e9 \u00e9s a vir\u00e1gk\u00f6t\u00e9szet\u00e9, a harmadik pedig az orchide\u00e1k\u00e9. A park 80-90 %-a a tulip\u00e1nokr\u00f3l sz\u00f3l, de m\u00e1s vir\u00e1gokat is bemutattak...<\/span>\r\n\r\n<a href=\"https:\/\/utazzmaskepp.cafeblog.hu\/files\/2017\/04\/18056089_10207001535357421_9019548454011221109_o.jpg\"><img class=\"aligncenter size-full wp-image-4568\" src=\"https:\/\/utazzmaskepp.cafeblog.hu\/files\/2017\/04\/18056089_10207001535357421_9019548454011221109_o.jpg\" alt=\"\" width=\"2048\" height=\"1152\" \/><\/a>\r\n\r\n<a href=\"https:\/\/utazzmaskepp.cafeblog.hu\/files\/2017\/04\/18090879_10207012536752449_568683598_o.jpg\"><img class=\"aligncenter size-full wp-image-4571\" src=\"https:\/\/utazzmaskepp.cafeblog.hu\/files\/2017\/04\/18090879_10207012536752449_568683598_o.jpg\" alt=\"\" width=\"2048\" height=\"1152\" \/><\/a>\r\n\r\n<a href=\"https:\/\/utazzmaskepp.cafeblog.hu\/files\/2017\/04\/18090642_10207012464270637_183582728_o.jpg\"><img class=\"aligncenter size-full wp-image-4570\" src=\"https:\/\/utazzmaskepp.cafeblog.hu\/files\/2017\/04\/18090642_10207012464270637_183582728_o.jpg\" alt=\"\" width=\"2048\" height=\"1152\" \/><\/a>\r\n\r\n<span style=\"font-weight: 400\">K\u00f6z\u00e9pen van egy vir\u00e1ghagyma pavilon, ahol sz\u00ednes katal\u00f3gusokb\u00f3l lehet v\u00e1lasztani \u00e9s megrendelni hagym\u00e1kat - egy pap\u00edr kit\u00f6lt\u00e9se ut\u00e1n kifizetheted \u00e9s 1-2 h\u00e9ten bel\u00fcl post\u00e1zz\u00e1k a megadott c\u00edmre. El\u00e9g dr\u00e1ga ez is, kb. 5-10 km-re Keukenhoft\u00f3l nagy s\u00e1tras vir\u00e1g\u00e1rusokn\u00e1l negyed\u00e1ron lehet megkapni ugyanezt azonnal... (j\u00f3, nem 500 f\u00e9l\u00e9t, csak 50-60 f\u00e9l\u00e9t, de akkor is!) \u00c9n pl. 50 darabos cakkos sz\u00e9l\u0171 gy\u00f6ny\u00f6r\u0171 tulip\u00e1nhagyma csomagot vettem itt 12 eur\u00f3\u00e9rt... az amarilliszhagyma itt 3 eur\u00f3 volt, a parkban 9-10...<\/span>\r\n\r\n<a href=\"https:\/\/utazzmaskepp.cafeblog.hu\/files\/2017\/04\/18042967_10207012554632896_482847801_o.jpg\"><img class=\"aligncenter size-full wp-image-4577\" src=\"https:\/\/utazzmaskepp.cafeblog.hu\/files\/2017\/04\/18042967_10207012554632896_482847801_o.jpg\" alt=\"\" width=\"2048\" height=\"1152\" \/><\/a>\r\n\r\n<a href=\"https:\/\/utazzmaskepp.cafeblog.hu\/files\/2017\/04\/18110091_10207012536112433_1058234955_o.jpg\"><img class=\"aligncenter size-full wp-image-4572\" src=\"https:\/\/utazzmaskepp.cafeblog.hu\/files\/2017\/04\/18110091_10207012536112433_1058234955_o.jpg\" alt=\"\" width=\"2048\" height=\"1152\" \/><\/a>\r\n\r\n<a href=\"https:\/\/utazzmaskepp.cafeblog.hu\/files\/2017\/04\/18110238_10207012492271337_736897682_o.jpg\"><img class=\"aligncenter size-full wp-image-4574\" src=\"https:\/\/utazzmaskepp.cafeblog.hu\/files\/2017\/04\/18110238_10207012492271337_736897682_o.jpg\" alt=\"\" width=\"2048\" height=\"1152\" \/><\/a>\r\n\r\n<span style=\"font-weight: 400\">A park nagyon tiszta, mi is l\u00e1tunk j\u00f3 p\u00e1r munk\u00e1st, aki takar\u00edtott, \u00fcltetett, m\u00e9g a f\u0171re is gondosan odafigyelnek. A v\u00edz ment\u00e9n, az utak sz\u00e9l\u00e9n\u00e9l \u00e9s k\u00f6z\u00e9pen (nagyobb szabad ter\u00fcleteken) m\u00e1s \u00e9s m\u00e1s t\u00edpus\u00fa f\u0171 van.<\/span>\r\n\r\n<a href=\"https:\/\/utazzmaskepp.cafeblog.hu\/files\/2017\/04\/17917863_10207001548117740_1634441165994385383_o.jpg\"><img class=\"aligncenter size-full wp-image-4562\" src=\"https:\/\/utazzmaskepp.cafeblog.hu\/files\/2017\/04\/17917863_10207001548117740_1634441165994385383_o.jpg\" alt=\"\" width=\"2048\" height=\"1152\" \/><\/a>\r\n\r\n<a href=\"https:\/\/utazzmaskepp.cafeblog.hu\/files\/2017\/04\/17880414_10207001524237143_2799000447760543631_o.jpg\"><img class=\"aligncenter size-full wp-image-4561\" src=\"https:\/\/utazzmaskepp.cafeblog.hu\/files\/2017\/04\/17880414_10207001524237143_2799000447760543631_o.jpg\" alt=\"\" width=\"2048\" height=\"1152\" \/><\/a>\r\n\r\n<span style=\"font-weight: 400\">Mi reggel ment\u00fcnk, kb. 3-4 \u00f3ra s\u00e9ta ut\u00e1n f\u00e1radtunk el. A gyerekek kb. ekkor kezdt\u00e9k el unni magukat, addig \u0151k is n\u00e9zel\u0151dtek, fot\u00f3ztak, j\u00e1tszottak (vannak kis j\u00e1tsz\u00f3terek is). Mi feln\u0151ttek m\u00e9g szerintem 1-2 \u00f3r\u00e1t nyugodtan eln\u00e9zel\u0151dt\u00fcnk volna, hiszen rengeteg a l\u00e1tnival\u00f3. Ak\u00e1rhogy is, gyerekkel minimum f\u00e9l, feln\u0151tteknek pedig eg\u00e9sz napos program a park. Mi kieg\u00e9sz\u00edtett\u00fck annyival, hogy d\u00e9lut\u00e1n a Keukenhoft\u00f3l kb. 10 km-re lev\u0151 tengerpartra (\u00c9szaki-tenger) kiment\u00fcnk egy kicsit n\u00e9zel\u0151dni.<\/span>\r\n\r\nA fot\u00f3k \u00e9s a besz\u00e1mol\u00f3 Somogyin\u00e9 Eszter tulajdona. K\u00f6sz\u00f6nj\u00fck, hogy megosztotta a besz\u00e1mol\u00f3t itt \u00e9s a Szenved\u00e9lyes utaz\u00f3k Facebook csoportban. Ha m\u00e1r utaz\u00f3k bennfentes besz\u00e1mol\u00f3j\u00e1ra vagy kiv\u00e1ncsi,<a href=\"https:\/\/www.facebook.com\/groups\/utazo\/\"> csatlakozz Te is<\/a>.\r\n\r\nGy\u00f6ny\u00f6r\u0171 Insta-albumom <a href=\"https:\/\/www.instagram.com\/utazzmaskepp\/\">n\u00e9zd meg itt<\/a>.","type":"rich","thumbnail_url":"https:\/\/utazzmaskepp.cafeblog.hu\/files\/2017\/04\/18056089_10207001535357421_9019548454011221109_o-150x150.jpg","thumbnail_width":150,"thumbnail_height":150}